{"id":20263,"date":"2025-06-09T17:51:40","date_gmt":"2025-06-09T15:51:40","guid":{"rendered":"https:\/\/www.bauhaus.de\/society\/6844-2\/"},"modified":"2026-04-28T16:11:45","modified_gmt":"2026-04-28T14:11:45","slug":"bauhaus-archiv-ev","status":"publish","type":"page","link":"https:\/\/www.bauhaus.de\/en\/about-us\/society\/bauhaus-archiv-ev\/","title":{"rendered":"Bauhaus-Archiv e. V."},"content":{"rendered":"<section class='wp-block-ho-pattern header-text' data-pattern='ho\/header-mittlere-headline-bild-volle-breite'>\n\n<div  class='margin-bottom-7'>\n\n<div  class='color-bg-highlight color-fg-highlight header-space header-height-read-only padding-bottom-3'>\n\n<div  class='margin-top-5'>\n\n<div  class='container-fluid cf-gutter-5 cf-side-5'>\n\n<div  class='row'>\n\n<div  class='col col-xs-12 col-md-10'>\n\n<div class=\"wp-block-ho-div\"><div class=\"wp-block-ho-slot \"><div class=\"margin-bottom-3\">\n\t<swup-back>Back<\/swup-back>\n<\/div><\/div>\n<\/div>\n<\/div>\n<\/div>\n\n\n\n\n<div  class='row'>\n\n<div  class='col col-xs-12 margin-top-3'>\n\n<div class=\"wp-block-ho-div\">\n<h1 class='ho-sd-h2' style=\"white-space: normal;\">Bauhaus-Archiv e. V.<\/h1>\n<\/div>\n<\/div>\n<\/div>\n\n\n\n\n<div  class='row'>\n\n<div  class='col col-xs-12 margin-top-5'>\n\n<div class=\"wp-block-ho-div\"><figure itemscope itemtype=\"http:\/\/schema.org\/ImageObject\" class=\"lazy-media-inline \" role=\"group\" aria-describedby=\"media_vwnktv\">\n<script type=\"application\/json\">{\n\"id\" : 4329,\n\"sizes\" : {\"medium\":{\"file\":\"2007_13.39_Unbekannt_Geburtstagsfest-von-Ernst-Gottschalnk-im-Atelier_Bauhaus-Dessau_12.-Oktober-1926_1926-300x220.jpg\",\"width\":300,\"height\":220,\"mime-type\":\"image\\\/jpeg\",\"filesize\":11942},\"large\":{\"file\":\"2007_13.39_Unbekannt_Geburtstagsfest-von-Ernst-Gottschalnk-im-Atelier_Bauhaus-Dessau_12.-Oktober-1926_1926-1024x750.jpg\",\"width\":1024,\"height\":750,\"mime-type\":\"image\\\/jpeg\",\"filesize\":82523},\"medium_large\":{\"file\":\"2007_13.39_Unbekannt_Geburtstagsfest-von-Ernst-Gottschalnk-im-Atelier_Bauhaus-Dessau_12.-Oktober-1926_1926-768x563.jpg\",\"width\":768,\"height\":563,\"mime-type\":\"image\\\/jpeg\",\"filesize\":52329},\"small\":{\"file\":\"2007_13.39_Unbekannt_Geburtstagsfest-von-Ernst-Gottschalnk-im-Atelier_Bauhaus-Dessau_12.-Oktober-1926_1926-440x322.jpg\",\"width\":440,\"height\":322,\"mime-type\":\"image\\\/jpeg\",\"filesize\":21857},\"semi\":{\"file\":\"2007_13.39_Unbekannt_Geburtstagsfest-von-Ernst-Gottschalnk-im-Atelier_Bauhaus-Dessau_12.-Oktober-1926_1926-580x425.jpg\",\"width\":580,\"height\":425,\"mime-type\":\"image\\\/jpeg\",\"filesize\":33218},\"mobile\":{\"file\":\"2007_13.39_Unbekannt_Geburtstagsfest-von-Ernst-Gottschalnk-im-Atelier_Bauhaus-Dessau_12.-Oktober-1926_1926-720x528.jpg\",\"width\":720,\"height\":528,\"mime-type\":\"image\\\/jpeg\",\"filesize\":46376},\"original\":{\"file\":\"2007_13.39_Unbekannt_Geburtstagsfest-von-Ernst-Gottschalnk-im-Atelier_Bauhaus-Dessau_12.-Oktober-1926_1926.jpg\",\"width\":1152,\"height\":844}},\n\"alt\" : \"Group scene with six people at a table set with dishes and a teapot, in a simple room.\",\n\"path\" : \"\\\/wp-content\\\/uploads\\\/2025\\\/05\\\/\",\n\"video\" : null,\n\"autoplay\" : null,\n\"youtube\" : null,\n\"youtubelabel\" : \"play\",\n\"brightness\" : 100,\n\"crop\" : {\"x\":0.5,\"y\":0.5},\n\"background\" : true,\n\"scale\" : 1,\n\"zoom\" : false,\n\"annotations\" : null}<\/script>\n<div class=\"height-container  height-container-mobile\" style=\"padding-bottom:52%; --padding-bottom-mobile:120%  \">\n\t<div class=\"height-container-contents lazy-media-contents\">\n\t\n\t<div class=\"lazy-media-preview\" style=\"background-image: url('data:image\/jpeg;base64,\/9j\/4AAQSkZJRgABAQEAYABgAAD\/\/gA7Q1JFQVRPUjogZ2QtanBlZyB2MS4wICh1c2luZyBJSkcgSlBFRyB2NjIpLCBxdWFsaXR5ID0gOTAK\/9sAQwADAgIDAgIDAwMDBAMDBAUIBQUEBAUKBwcGCAwKDAwLCgsLDQ4SEA0OEQ4LCxAWEBETFBUVFQwPFxgWFBgSFBUU\/9sAQwEDBAQFBAUJBQUJFA0LDRQUFBQUFBQUFBQUFBQUFBQUFBQUFBQUFBQUFBQUFBQUFBQUFBQUFBQUFBQUFBQUFBQU\/8AAEQgAEQAYAwEiAAIRAQMRAf\/EAB8AAAEFAQEBAQEBAAAAAAAAAAABAgMEBQYHCAkKC\/\/EALUQAAIBAwMCBAMFBQQEAAABfQECAwAEEQUSITFBBhNRYQcicRQygZGhCCNCscEVUtHwJDNicoIJChYXGBkaJSYnKCkqNDU2Nzg5OkNERUZHSElKU1RVVldYWVpjZGVmZ2hpanN0dXZ3eHl6g4SFhoeIiYqSk5SVlpeYmZqio6Slpqeoqaqys7S1tre4ubrCw8TFxsfIycrS09TV1tfY2drh4uPk5ebn6Onq8fLz9PX29\/j5+v\/EAB8BAAMBAQEBAQEBAQEAAAAAAAABAgMEBQYHCAkKC\/\/EALURAAIBAgQEAwQHBQQEAAECdwABAgMRBAUhMQYSQVEHYXETIjKBCBRCkaGxwQkjM1LwFWJy0QoWJDThJfEXGBkaJicoKSo1Njc4OTpDREVGR0hJSlNUVVZXWFlaY2RlZmdoaWpzdHV2d3h5eoKDhIWGh4iJipKTlJWWl5iZmqKjpKWmp6ipqrKztLW2t7i5usLDxMXGx8jJytLT1NXW19jZ2uLj5OXm5+jp6vLz9PX29\/j5+v\/aAAwDAQACEQMRAD8A6GG+1dXvGN9KqLK3VugqrF4zgiR3uNbUEE\/KZeTWdrfgXx\/4m8Q3sekLDDprb1DOSMk9yKwV\/ZV8U+HpIHR49RXaZZt8eSz+g9q806Dsf+EwmudW0eKw1CSYXEoJ8uQEY96K8n0PwN4o+F\/xN0y7udKM9rezLH9xikPrgdqKYH3H4a\/10n++a6+iikyjlfFf\/HzY\/wDXUUUUU0B\/\/9k='); background-position: 50% 50%; height: 100%; width: 100%;\"><\/div>\n\n\t\t<lazy-media-inline inline-template>\n\t\t<div>\n\t\t\t<lazy-media :inline=\"true\" :alt=\"alt\" :sizes=\"sizes\" :scale=\"scale\" :zoom=\"zoom\" :brightness=\"brightness\" :path=\"path\" :video=\"video\" :autoplay=\"autoplay\" :youtube=\"youtube\" :crop=\"crop\" :youtubelabel=\"youtubelabel\" :annotations=\"annotations\" :background=\"background\" v-if=\"sizes\"><\/lazy-media>\n\t\t<\/div>\n\t<\/lazy-media-inline>\n\t\t\t<\/div>\n<\/div>\n\n\n\n\n\n\n<\/figure>\n\n\t\t<\/div>\n<\/div>\n<\/div>\n\n\n\n\n<div  class='row'>\n\n<div  class='col col-xs-12'>\n\n<div class=\"wp-block-ho-div\"><figcaption id=\"media_vwnktv\">\n\t<div class=\"figcaption-wrapper\">\n\t\t\t\t\t<div class=\"lazy-media-image-label\">Geburtstagsfest von Ernst Gottschalk im Atelier, Bauhaus Dessau, 12. Oktober 1926<\/div>\n\t\t\t\t\t\t\t<div class=\"lazy-media-image-description\">Bauhaus-Archiv Berlin, Photo: unknown<\/div>\n\t\t\t<\/div>\n<\/figcaption>\n<\/div>\n<\/div>\n<\/div>\n<\/div>\n<\/div>\n<\/div>\n<\/div>\n<\/section>\n\n<section class='wp-block-ho-pattern toggle-optional-headline' data-pattern='ho\/text-option-headline'>\n\n<div  class='margin-bottom-7'>\n\n<div  class='container-fluid cf-gutter-5 cf-side-5'>\n\n<div  class='row ho-pattern-optional-headline'>\n\n<div  class='col col-md-6 col-xs-12 col-md-offset-6'>\n\n<div  class='padding-bottom-4'>\n<h2 class='ho-sd-h5' style=\"white-space: normal;\">Lorem ipsum<\/h2>\n<\/div>\n<\/div>\n<\/div>\n\n\n\n\n<div  class='row'>\n\n<div  class='col col-md-6 col-xs-12 col-md-offset-6'>\n\n<div class=\"wp-block-ho-div\">\t<p class='ho-sd-body'>The Bauhaus-Archiv was founded as a private association by Hans Maria Wingler in 1960, with the support of Bauhaus founder Walter Gropius and other former Bauhaus members. The founders\u2019 aim was to carry out research on and present to the public the history and influence of the Bauhaus (1919\u20131933) \u2013 the twentieth century\u2019s most important school of architecture, design and art. Through their personal commitment, donations and gifts, they laid the foundations for the world\u2019s largest collection on the Bauhaus.<br><br>Membership in our association is open to anyone interested.<br><br><br><strong>The Board of the Bauhaus-Archiv, non-profit association<\/strong><br><br>Chair: Dr Markus Klimmer<br>Deputy Chairpersons: Stefan Hansen, Wolfgang Branoner<br><br>Executive Board Members: Prof Dr Brigitte Franzen, Director,  Managing Director Alexander Stockinger<br><br>Associates: Elke B\u00fcdenbender, Dr. Barbara Hendricks, Prof Dr Wolfgang Kuhla, Dr Margarete M\u00fchl-J\u00e4ckel<\/p>\n<\/div>\n<\/div>\n<\/div>\n<\/div>\n<\/div>\n<\/section>\n\n<section class='wp-block-ho-pattern show-optional-copy' data-pattern='ho\/text-infobox'>\n\n<div  class='margin-bottom-7'>\n\n<div  class='container-fluid cf-gutter-5 cf-side-5'>\n\n<div  class='row'>\n\n<div  class='col col-xs-12 col-md-5'>\n\n<div  class='color-bg-highlight color-fg-highlight color-bg-fg-revsersed'>\n\n<div  class='margin-right-2 padding-top-2 padding-bottom-2 margin-left-2'>\n\n<div  class='container-fluid cf-rem-max-width cf-gutter-1 cf-side-1'>\n\n<div  class='row'>\n\n<div  class='col col-md-10 col-xs-10 col-md-offset-1 col-xs-offset-1'>\n\n<div  class='margin-bottom-4 text-align-center margin-top-4'>\t<p class='ho-sd-metadata'><strong>We mourn the loss of Professor Lore Kramer<\/strong><br><br>The Bauhaus-Archiv \/ Museum f\u00fcr Gestaltung mourns the passing of <strong>Lore Kramer (10 August 1926\u201322 March 2026)<\/strong>. Her death marks the loss of an important critical thinker and companion.<br><br>Lore Kramer was a member of the board of the Bauhaus-Archiv e. V. from 1996 to 2009 and supported the activities of our organisation with a vibrant spirit and great independence. As a perceptive thinker and pioneering designer, she had a long-term impact on the discussion surrounding design and \u2018good form\u2019. We were especially proud of the fact that she gifted us artworks of her own, as well as those of her highly esteemed husband Ferdinand Kramer. These pieces express their lifelong position on design viewed in the context of function, material and social responsibility. For us, her work and achievements were always exceptional and outstanding.<br><br>We cherish her memory with deep gratitude and appreciation.<\/p>\n<\/div>\n<\/div>\n<\/div>\n<\/div>\n<\/div>\n<\/div>\n<\/div>\n<\/div>\n<\/div>\n<\/div>\n<\/section>\n\n<section class='wp-block-ho-pattern ' data-pattern='ho\/medien-bild-zwei-bilder-gross-gross'>\n\n<div  class='margin-bottom-7'>\n\n<div  class='container-fluid cf-gutter-5 cf-side-5'>\n\n<div  class='row'>\n\n<div  class='col col-md-6 col-xs-11 mobile-margin-bottom-5'>\n\n<div class=\"wp-block-ho-div\"><figure itemscope itemtype=\"http:\/\/schema.org\/ImageObject\" class=\"lazy-media-inline \" role=\"group\" aria-describedby=\"media_3gzU3J\">\n<script type=\"application\/json\">{\n\"id\" : 24148,\n\"sizes\" : {\"medium\":{\"file\":\"CPorikys_20250919_4283-Kopie-300x200.jpg\",\"width\":300,\"height\":200,\"mime-type\":\"image\\\/jpeg\",\"filesize\":18374},\"large\":{\"file\":\"CPorikys_20250919_4283-Kopie-1024x683.jpg\",\"width\":1024,\"height\":683,\"mime-type\":\"image\\\/jpeg\",\"filesize\":130331},\"medium_large\":{\"file\":\"CPorikys_20250919_4283-Kopie-768x512.jpg\",\"width\":768,\"height\":512,\"mime-type\":\"image\\\/jpeg\",\"filesize\":81842},\"1536x1536\":{\"file\":\"CPorikys_20250919_4283-Kopie-1536x1024.jpg\",\"width\":1536,\"height\":1024,\"mime-type\":\"image\\\/jpeg\",\"filesize\":248023},\"2048x2048\":{\"file\":\"CPorikys_20250919_4283-Kopie-2048x1366.jpg\",\"width\":2048,\"height\":1366,\"mime-type\":\"image\\\/jpeg\",\"filesize\":389615},\"small\":{\"file\":\"CPorikys_20250919_4283-Kopie-440x293.jpg\",\"width\":440,\"height\":293,\"mime-type\":\"image\\\/jpeg\",\"filesize\":33579},\"semi\":{\"file\":\"CPorikys_20250919_4283-Kopie-580x387.jpg\",\"width\":580,\"height\":387,\"mime-type\":\"image\\\/jpeg\",\"filesize\":52510},\"mobile\":{\"file\":\"CPorikys_20250919_4283-Kopie-720x480.jpg\",\"width\":720,\"height\":480,\"mime-type\":\"image\\\/jpeg\",\"filesize\":73307},\"hd\":{\"file\":\"CPorikys_20250919_4283-Kopie-1280x853.jpg\",\"width\":1280,\"height\":853,\"mime-type\":\"image\\\/jpeg\",\"filesize\":186703},\"full\":{\"file\":\"CPorikys_20250919_4283-Kopie-1920x1280.jpg\",\"width\":1920,\"height\":1280,\"mime-type\":\"image\\\/jpeg\",\"filesize\":351266},\"original\":{\"file\":\"CPorikys_20250919_4283-Kopie.jpg\",\"width\":2635,\"height\":1757}},\n\"alt\" : \"A man and an older woman smile warmly in an urban setting while another person takes a photograph.\",\n\"path\" : \"\\\/wp-content\\\/uploads\\\/2025\\\/10\\\/\",\n\"video\" : null,\n\"autoplay\" : null,\n\"youtube\" : null,\n\"youtubelabel\" : \"play\",\n\"brightness\" : 100,\n\"crop\" : null,\n\"background\" : false,\n\"scale\" : 1,\n\"zoom\" : false,\n\"annotations\" : null}<\/script>\n<div class=\"height-container \" style=\"padding-bottom:66.679316888046%;   \">\n\t<div class=\"height-container-contents lazy-media-contents\">\n\t\n\t<div class=\"lazy-media-preview\" style=\"background-image: url('data:image\/jpeg;base64,\/9j\/4AAQSkZJRgABAQEAYABgAAD\/\/gA7Q1JFQVRPUjogZ2QtanBlZyB2MS4wICh1c2luZyBJSkcgSlBFRyB2NjIpLCBxdWFsaXR5ID0gOTAK\/9sAQwADAgIDAgIDAwMDBAMDBAUIBQUEBAUKBwcGCAwKDAwLCgsLDQ4SEA0OEQ4LCxAWEBETFBUVFQwPFxgWFBgSFBUU\/9sAQwEDBAQFBAUJBQUJFA0LDRQUFBQUFBQUFBQUFBQUFBQUFBQUFBQUFBQUFBQUFBQUFBQUFBQUFBQUFBQUFBQUFBQU\/8AAEQgADwAYAwEiAAIRAQMRAf\/EAB8AAAEFAQEBAQEBAAAAAAAAAAABAgMEBQYHCAkKC\/\/EALUQAAIBAwMCBAMFBQQEAAABfQECAwAEEQUSITFBBhNRYQcicRQygZGhCCNCscEVUtHwJDNicoIJChYXGBkaJSYnKCkqNDU2Nzg5OkNERUZHSElKU1RVVldYWVpjZGVmZ2hpanN0dXZ3eHl6g4SFhoeIiYqSk5SVlpeYmZqio6Slpqeoqaqys7S1tre4ubrCw8TFxsfIycrS09TV1tfY2drh4uPk5ebn6Onq8fLz9PX29\/j5+v\/EAB8BAAMBAQEBAQEBAQEAAAAAAAABAgMEBQYHCAkKC\/\/EALURAAIBAgQEAwQHBQQEAAECdwABAgMRBAUhMQYSQVEHYXETIjKBCBRCkaGxwQkjM1LwFWJy0QoWJDThJfEXGBkaJicoKSo1Njc4OTpDREVGR0hJSlNUVVZXWFlaY2RlZmdoaWpzdHV2d3h5eoKDhIWGh4iJipKTlJWWl5iZmqKjpKWmp6ipqrKztLW2t7i5usLDxMXGx8jJytLT1NXW19jZ2uLj5OXm5+jp6vLz9PX29\/j5+v\/aAAwDAQACEQMRAD8A8I0n4heLfD\/xJ1Hwpda9qOo3Nm5jIjbdHn3NekeJItG+HPjy2k1sXGrR3th5ht5QWEcrDqK1\/jD8O9A+DnxL8VL4YtmgghngSZ5mLyM5+Y8ntVH9rzWmsk8HateRIgvLFHtzbjDOMchqywXsauaRwtWMnGVl7rt8W33H08ssl\/Y6zBTin7zXMv5LafPU+e9d8Y6dpmptaCH57ony8DO0EnrRXf8AwB+G1t8RvHug395ZxzWFnqiecHIyysMgY70V9Dm2HhgMbUw9P4U9D4TBxWJoRqy3Z\/\/Z'); background-position: 50% 50%; height: 100%; width: 100%;\"><\/div>\n\n\t\n<div class=\"lazy-media loaded\">\n\t<img decoding=\"async\" src=\"https:\/\/www.bauhaus.de\/wp-content\/uploads\/2025\/10\/CPorikys_20250919_4283-Kopie-1920x1280.jpg\" srcset=\"https:\/\/www.bauhaus.de\/wp-content\/uploads\/2025\/10\/CPorikys_20250919_4283-Kopie-1920x1280.jpg 1920w, https:\/\/www.bauhaus.de\/wp-content\/uploads\/2025\/10\/CPorikys_20250919_4283-Kopie-300x200.jpg 300w, https:\/\/www.bauhaus.de\/wp-content\/uploads\/2025\/10\/CPorikys_20250919_4283-Kopie-1024x683.jpg 1024w, https:\/\/www.bauhaus.de\/wp-content\/uploads\/2025\/10\/CPorikys_20250919_4283-Kopie-768x512.jpg 768w, https:\/\/www.bauhaus.de\/wp-content\/uploads\/2025\/10\/CPorikys_20250919_4283-Kopie-1536x1024.jpg 1536w, https:\/\/www.bauhaus.de\/wp-content\/uploads\/2025\/10\/CPorikys_20250919_4283-Kopie-2048x1366.jpg 2048w, https:\/\/www.bauhaus.de\/wp-content\/uploads\/2025\/10\/CPorikys_20250919_4283-Kopie-440x293.jpg 440w, https:\/\/www.bauhaus.de\/wp-content\/uploads\/2025\/10\/CPorikys_20250919_4283-Kopie-580x387.jpg 580w, https:\/\/www.bauhaus.de\/wp-content\/uploads\/2025\/10\/CPorikys_20250919_4283-Kopie-720x480.jpg 720w, https:\/\/www.bauhaus.de\/wp-content\/uploads\/2025\/10\/CPorikys_20250919_4283-Kopie-1280x853.jpg 1280w\" sizes=\"(max-width: 763px) 100vw, (qmin-width: 764px) and (max-width: 1023px) 100vw, (min-width: 1024px) 100vw\" alt=\"A man and an older woman smile warmly in an urban setting while another person takes a photograph.\" loading=\"lazy\" \/>\n<\/div>\t\t<\/div>\n<\/div>\n\n\n\n\n\n\t\t<figcaption class=\"\" id=\"media_3gzU3J\">\n\t\t\t<div class=\"figcaption-wrapper\">\n\t\t\t\t\t\t\t<div class=\"lazy-media-image-label\">Festival opening \u201cBauhaus-Archiv. Come to the Building Site!\u201d on 19 September 2025: Dr. Hedwig Wingler, widow of Bauhaus-Archiv founder Hans Maria Wingler, and Dr. Markus Klimmer, Chair of the Executive Board, Bauhaus-Archiv e. V.<\/div>\n\t\t\t\t\t\t\t\t\t\t<div class=\"lazy-media-image-description\">Photo: Clemens Porikys <\/div>\n\t\t\t\t\t\t\t\t\t<\/div>\n\t\t<\/figcaption>\n\t\n<\/figure>\n\n\t\t<\/div>\n<\/div>\n\n\n\n\n<div  class='col col-md-6 col-md-offset-0 col-xs-offset-1 col-xs-11'>\n\n<div class=\"wp-block-ho-div\"><figure itemscope itemtype=\"http:\/\/schema.org\/ImageObject\" class=\"lazy-media-inline \" role=\"group\" aria-describedby=\"media_mJVyHD\">\n<script type=\"application\/json\">{\n\"id\" : 24209,\n\"sizes\" : {\"medium\":{\"file\":\"CPorikys_20250919_4220-200x300.jpg\",\"width\":200,\"height\":300,\"mime-type\":\"image\\\/jpeg\",\"filesize\":15120},\"large\":{\"file\":\"CPorikys_20250919_4220-683x1024.jpg\",\"width\":683,\"height\":1024,\"mime-type\":\"image\\\/jpeg\",\"filesize\":123781},\"medium_large\":{\"file\":\"CPorikys_20250919_4220-768x1152.jpg\",\"width\":768,\"height\":1152,\"mime-type\":\"image\\\/jpeg\",\"filesize\":152115},\"1536x1536\":{\"file\":\"CPorikys_20250919_4220-1024x1536.jpg\",\"width\":1024,\"height\":1536,\"mime-type\":\"image\\\/jpeg\",\"filesize\":254894},\"2048x2048\":{\"file\":\"CPorikys_20250919_4220-1366x2048.jpg\",\"width\":1366,\"height\":2048,\"mime-type\":\"image\\\/jpeg\",\"filesize\":428638},\"small\":{\"file\":\"CPorikys_20250919_4220-293x440.jpg\",\"width\":293,\"height\":440,\"mime-type\":\"image\\\/jpeg\",\"filesize\":28879},\"semi\":{\"file\":\"CPorikys_20250919_4220-387x580.jpg\",\"width\":387,\"height\":580,\"mime-type\":\"image\\\/jpeg\",\"filesize\":45998},\"mobile\":{\"file\":\"CPorikys_20250919_4220-480x720.jpg\",\"width\":480,\"height\":720,\"mime-type\":\"image\\\/jpeg\",\"filesize\":65952},\"hd\":{\"file\":\"CPorikys_20250919_4220-854x1280.jpg\",\"width\":854,\"height\":1280,\"mime-type\":\"image\\\/jpeg\",\"filesize\":184157},\"full\":{\"file\":\"CPorikys_20250919_4220-1280x1920.jpg\",\"width\":1280,\"height\":1920,\"mime-type\":\"image\\\/jpeg\",\"filesize\":381971},\"xxl\":{\"file\":\"CPorikys_20250919_4220-2700x4048.jpg\",\"width\":2700,\"height\":4048,\"mime-type\":\"image\\\/jpeg\",\"filesize\":1378057},\"original\":{\"file\":\"CPorikys_20250919_4220.jpg\",\"width\":2757,\"height\":4134}},\n\"alt\" : \"Group scene with several people in front of a modern building under a cloudy sky.\",\n\"path\" : \"\\\/wp-content\\\/uploads\\\/2025\\\/10\\\/\",\n\"video\" : null,\n\"autoplay\" : null,\n\"youtube\" : null,\n\"youtubelabel\" : \"play\",\n\"brightness\" : 100,\n\"crop\" : null,\n\"background\" : false,\n\"scale\" : 1,\n\"zoom\" : false,\n\"annotations\" : null}<\/script>\n<div class=\"height-container \" style=\"padding-bottom:149.94559303591%;   \">\n\t<div class=\"height-container-contents lazy-media-contents\">\n\t\n\t<div class=\"lazy-media-preview\" style=\"background-image: url('data:image\/jpeg;base64,\/9j\/4AAQSkZJRgABAQEAYABgAAD\/\/gA7Q1JFQVRPUjogZ2QtanBlZyB2MS4wICh1c2luZyBJSkcgSlBFRyB2NjIpLCBxdWFsaXR5ID0gOTAK\/9sAQwADAgIDAgIDAwMDBAMDBAUIBQUEBAUKBwcGCAwKDAwLCgsLDQ4SEA0OEQ4LCxAWEBETFBUVFQwPFxgWFBgSFBUU\/9sAQwEDBAQFBAUJBQUJFA0LDRQUFBQUFBQUFBQUFBQUFBQUFBQUFBQUFBQUFBQUFBQUFBQUFBQUFBQUFBQUFBQUFBQU\/8AAEQgAJAAYAwEiAAIRAQMRAf\/EAB8AAAEFAQEBAQEBAAAAAAAAAAABAgMEBQYHCAkKC\/\/EALUQAAIBAwMCBAMFBQQEAAABfQECAwAEEQUSITFBBhNRYQcicRQygZGhCCNCscEVUtHwJDNicoIJChYXGBkaJSYnKCkqNDU2Nzg5OkNERUZHSElKU1RVVldYWVpjZGVmZ2hpanN0dXZ3eHl6g4SFhoeIiYqSk5SVlpeYmZqio6Slpqeoqaqys7S1tre4ubrCw8TFxsfIycrS09TV1tfY2drh4uPk5ebn6Onq8fLz9PX29\/j5+v\/EAB8BAAMBAQEBAQEBAQEAAAAAAAABAgMEBQYHCAkKC\/\/EALURAAIBAgQEAwQHBQQEAAECdwABAgMRBAUhMQYSQVEHYXETIjKBCBRCkaGxwQkjM1LwFWJy0QoWJDThJfEXGBkaJicoKSo1Njc4OTpDREVGR0hJSlNUVVZXWFlaY2RlZmdoaWpzdHV2d3h5eoKDhIWGh4iJipKTlJWWl5iZmqKjpKWmp6ipqrKztLW2t7i5usLDxMXGx8jJytLT1NXW19jZ2uLj5OXm5+jp6vLz9PX29\/j5+v\/aAAwDAQACEQMRAD8A9LsL27s9UtJ5rpJr+1bzbTUY+hP9w19ufDXxiPHHhKz1IxtFMy7JUYdGHWvhGGGymaUabNsbdlraYbQ30z0r7E\/Z2nZvhzaq+8FXIw45FaSWhw0ZPnaPU6KiMgI60VFjuPywsfiJd6lqps76zsxMOETfsdvoK+qvhJ8abLwf4ES1u0S3uly6wXE2HYe2a+bf2g\/2XL2H4y2V34WS+ZrGGPZKUJVnz3xxiuK+OH7P3xg+IE9pq94l0txEiQxR2qbFiQDnOKpSvKz2t+PYxhRUFzdT7om\/agsLxvJsPs0twgBdPPH\/AHz9aK\/Pj9nD9n7xLJ8R9Jt9YkuLWBrtknWTdhm25HX1oqZ3jaz3OhKLufru0MZyxRS3qRzSNGjoQVBGPSiiswMmXw\/pxuY5\/scImjO9XCAEH1ooopDP\/9k='); background-position: 50% 50%; height: 100%; width: 100%;\"><\/div>\n\n\t\n<div class=\"lazy-media loaded\">\n\t<img decoding=\"async\" src=\"https:\/\/www.bauhaus.de\/wp-content\/uploads\/2025\/10\/CPorikys_20250919_4220-1280x1920.jpg\" srcset=\"https:\/\/www.bauhaus.de\/wp-content\/uploads\/2025\/10\/CPorikys_20250919_4220-1280x1920.jpg 1280w, https:\/\/www.bauhaus.de\/wp-content\/uploads\/2025\/10\/CPorikys_20250919_4220-200x300.jpg 200w, https:\/\/www.bauhaus.de\/wp-content\/uploads\/2025\/10\/CPorikys_20250919_4220-683x1024.jpg 683w, https:\/\/www.bauhaus.de\/wp-content\/uploads\/2025\/10\/CPorikys_20250919_4220-768x1152.jpg 768w, https:\/\/www.bauhaus.de\/wp-content\/uploads\/2025\/10\/CPorikys_20250919_4220-1024x1536.jpg 1024w, https:\/\/www.bauhaus.de\/wp-content\/uploads\/2025\/10\/CPorikys_20250919_4220-1366x2048.jpg 1366w, https:\/\/www.bauhaus.de\/wp-content\/uploads\/2025\/10\/CPorikys_20250919_4220-293x440.jpg 293w, https:\/\/www.bauhaus.de\/wp-content\/uploads\/2025\/10\/CPorikys_20250919_4220-387x580.jpg 387w, https:\/\/www.bauhaus.de\/wp-content\/uploads\/2025\/10\/CPorikys_20250919_4220-480x720.jpg 480w, https:\/\/www.bauhaus.de\/wp-content\/uploads\/2025\/10\/CPorikys_20250919_4220-854x1280.jpg 854w\" sizes=\"(max-width: 763px) 91.666666666667vw, (min-width: 764px) and (max-width: 1023px) 50vw, (min-width: 1024px) 50vw\" alt=\"Group scene with several people in front of a modern building under a cloudy sky.\" loading=\"lazy\" \/>\n<\/div>\t\t<\/div>\n<\/div>\n\n\n\n\n\n\t\t<figcaption class=\"\" id=\"media_mJVyHD\">\n\t\t\t<div class=\"figcaption-wrapper\">\n\t\t\t\t\t\t\t<div class=\"lazy-media-image-label\">Festival opening \u201cBauhaus-Archiv. Come to the Building Site!\u201d 19\/9\/25, from left to right: Stefan Hansen, Executive Board Member, Bauhaus-Archiv e. V.; Konrad Schmidt-Werthern, Head of Office to the Federal Government Commissioner for Culture and the Media; Sarah Wedl-Wilson, Senator for Culture and Social Cohesion of the State of Berlin; Elke B\u00fcdenbender, Head of Board, Bauhaus Council e. V.; Dr Markus Klimmer, Chair of the Executive Board, Bauhaus-Archiv e.V.; Dr Annemarie Jaeggi, Director, Bauhaus-Archiv \/ Museum f\u00fcr Gestaltung (until 31\/12\/2025); Prof Petra Kahlfeldt, Senate Building Director and State Secretary for Urban Development, State of Berlin; Prof Volker Staab, Architect; Ulrich Weigand, Director of the Opening Programme<\/div>\n\t\t\t\t\t\t\t\t\t\t<div class=\"lazy-media-image-description\">Photo: Clemens Porikys <\/div>\n\t\t\t\t\t\t\t\t\t<\/div>\n\t\t<\/figcaption>\n\t\n<\/figure>\n\n\t\t<\/div>\n<\/div>\n<\/div>\n<\/div>\n<\/div>\n<\/section>\n\n<section class='wp-block-ho-pattern toggle-optional-headline' data-pattern='ho\/text-option-headline'>\n\n<div  class='margin-bottom-7'>\n\n<div  class='container-fluid cf-gutter-5 cf-side-5'>\n\n<div  class='row ho-pattern-optional-headline'>\n\n<div  class='col col-md-6 col-xs-12 col-md-offset-6'>\n\n<div  class='padding-bottom-4'>\n<h2 class='ho-sd-h5' style=\"white-space: normal;\">Lorem ipsum<\/h2>\n<\/div>\n<\/div>\n<\/div>\n\n\n\n\n<div  class='row'>\n\n<div  class='col col-md-6 col-xs-12 col-md-offset-6'>\n\n<div class=\"wp-block-ho-div\">\t<p class='ho-sd-body'>As a member of the Bauhaus-Archiv e. V., you can become part of a unique community centred around the Bauhaus, architecture and design. Your annual subscription also supports our work. <br><br>In return, members are eligible for the following special conditions:<\/p>\n<\/div>\n<\/div>\n<\/div>\n<\/div>\n<\/div>\n<\/section>\n\n<section class='wp-block-ho-pattern ' data-pattern='ho\/text-liste'>\n\n<div  class='margin-bottom-7'>\n\n<div  class='container-fluid cf-gutter-5 cf-side-5'>\n\n<div  class='row'>\n\n<div  class='col col-md-6 col-xs-12 col-md-offset-6'>\n<ul class=\"wp-block-ho-list\"><li>You will witness the expansion and building of our new museum at first hand.<\/li>\n\n<li>You will become part of an extraordinary network centred around architecture and design.<\/li>\n\n<li>We will offer you exclusive guided tours and special events \u2013 for members only.<\/li>\n\n<li>If you wish, you will receive the monthly members\u2019 newsletter.<\/li>\n\n<li>Our Bauhaus Shop will offer you a 10% discount on its products (except books and discount articles).<\/li>\n\n<li>Sponsors and corporate members will receive special publications and individual guided tours.<\/li>\n\n<li>Our partner Ticket B will offer you a 10% discount on all Bauhaus tours.<\/li><\/ul>\n<\/div>\n<\/div>\n<\/div>\n<\/div>\n<\/section>\n\n<section class='wp-block-ho-pattern toggle-optional-headline' data-pattern='ho\/text-option-headline'>\n\n<div  class='margin-bottom-7'>\n\n<div  class='container-fluid cf-gutter-5 cf-side-5'>\n\n<div  class='row ho-pattern-optional-headline'>\n\n<div  class='col col-md-6 col-xs-12 col-md-offset-6'>\n\n<div  class='padding-bottom-4'>\n<h2 class='ho-sd-h5' style=\"white-space: normal;\">Lorem ipsum<\/h2>\n<\/div>\n<\/div>\n<\/div>\n\n\n\n\n<div  class='row'>\n\n<div  class='col col-md-6 col-xs-12 col-md-offset-6'>\n\n<div class=\"wp-block-ho-div\">\t<p class='ho-sd-body'><strong>Your contact person<\/strong> <br><br>Sophie Ludewig <br>Tel.: +49 30 254 002 34<br>E-Mail: <a href=\"mailto:s.ludewig@bauhaus.de\">s.ludewig@bauhaus.de<\/a><\/p>\n<\/div>\n<\/div>\n<\/div>\n<\/div>\n<\/div>\n<\/section>\n\n<section class='wp-block-ho-pattern toggle-optional-headline' data-pattern='ho\/text-akkordeon-option-headline'>\n\n<div  class='margin-bottom-7'>\n\n<div  class='container-fluid cf-gutter-5 cf-side-5'>\n\n<div  class='row ho-pattern-optional-headline'>\n\n<div  class='col col-md-6 col-xs-12 col-md-offset-6'>\n\n<div  class='margin-bottom-4'>\n<h2 class='ho-sd-h5' style=\"white-space: normal;\">Lorem Ipsum<\/h2>\n<\/div>\n<\/div>\n<\/div>\n\n\n\n\n<div  class='row'>\n\n<div  class='col col-md-6 col-xs-12 col-md-offset-6'>\n\n<div class=\"wp-block-ho-div\">\n<accordion inline-template>\n\t<div class=\"accordion block-accordion\" role=\"tablist\">\n\t\t<accordion-item inline-template >\t<div ref=\"item\" data-id=\"Informationonmembership\" class=\"block-accordion-item accordion-item-toggle-optional-copy accordion-item-show-optional-copy accordion-item-toggle-optional-text-list accordion-item-toggle-optional-button\" :class=\"{'block-accordion-item-open': active}\">\n\t\t<button class=\"block-accordion-item-head\" tabindex=\"0\" :class=\"{'button-active': active}\" ref=\"head\" aria-controls=\"acc_69f59836c0709\" id=\"acc_title_69f59836c070a\" @click=\"toggle\" @keydown=\"key\" aria-expanded=\"false\" :aria-expanded=\"active ? 'true' : 'false'\">\n\t\t\t<span class=\"button-icon icon-special-plus\" aria-hidden=\"true\"><\/span>\n\t\t\t<span class=\"button-label \">Information on membership<\/span>\n\t\t<\/button>\n\t\t<div ref=\"body\" class=\"block-accordion-item-content\" id=\"acc_69f59836c0709\" role=\"region\" aria-labelledby=\"acc_title_69f59836c070a\">\n\t\t\t<div class=\"wrapper\">\n\n<div  class='ho-accordion-optional-text'>\n\n<div  class='margin-bottom-4'>\t<p class='ho-sd-body'>The personal membership subscription for individuals is \u20ac 80 per annum, \u20ac 120 for individuals plus one partner, concession \u20ac 30* (for students, jobseekers and persons with a disabled pass). Sponsoring membership and corporate membership are available starting from \u20ac 1000.<br><br>All membership fees are tax-deductible, as are donations in cash or in kind. We gladly provide a charity donation receipt on request. <br><br>If you need more information or have questions about membership, please contact us:  <a href=\"mailto:mitglieder@bauhaus.de\">mitglieder@bauhaus.de<\/a>.<\/p>\n<\/div>\n<\/div>\n\n\n<div  class='ho-accordion-optional-text-list'>\n\n<div  class='margin-bottom-4'>\n<ul class=\"wp-block-ho-list\"><li>Lorem ipsum dolor sit amet, consetetur sadipscing elitr<\/li><\/ul>\n<\/div>\n<\/div>\n\n\n<div  class='ho-accordion-optional-button'>\n\n<div  class='wp-block-ho-buttons wp-block-ho-buttons flex-layout-align-left'>\n<div class=\"wp-block-ho-buttons-item\">\n\t<a href=\"\"  target=\"\" role=\"button\" aria-pressed=\"false\" rel=\"nofollow\" class=\"ho-button is-primary is-large\">\n\t\t\t\t<span class=\"ho-button-label \">Lorem ipsum<\/span>\n\t<\/a>\n<\/div>\n<\/div>\n<\/div>\n\t\t\t<\/div>\n\t\t<\/div>\n\t<\/div>\n\t<\/accordion-item>\n\t<\/div>\n<\/accordion>\n<\/div>\n<\/div>\n<\/div>\n<\/div>\n<\/div>\n<\/section>\n\n<section class='wp-block-ho-pattern header-text' data-pattern='ho\/teaser-flexible-inhalte-call-to-action-klein'>\n\n<div  class='margin-bottom-7'>\n\n<div  class='container-fluid'>\n\n<div  class='row'>\n\n<div  class='col col-xs-12'>\n\n<div  class='color-bg-highlight color-fg-highlight color-bg-fg-revsersed'>\n\n<div  class='margin-right-2 padding-top-2 padding-bottom-2 margin-left-2'>\n\n<div  class='container-fluid cf-rem-max-width cf-gutter-1 cf-side-1'>\n\n<div  class='row cta-container'>\n\n<div  class='col col-xs-12 col-md-6'>\n\n<div  class='mobile-flex-layout-direction-column mobile-flex-layout-align-space-around sizes-height-fill flex-layout-direction-column flex-layout-align-space-between'>\n\n<div  class='margin-bottom-2 mobile-margin-bottom-4'>\n<h4 class='ho-sd-h4' style=\"white-space: normal;\">Get close: <br \/>\nBecome a member!<\/h4>\n<\/div>\n\n\n\n\n<div  class='wp-block-ho-buttons wp-block-ho-buttons flex-layout-align-left colors-are-inverted'>\n<div class=\"wp-block-ho-buttons-item\">\n\t<a href=\"https:\/\/www.bauhaus.de\/wp-content\/uploads\/2025\/06\/antrag_mitgliedschaft_eng_2022.pdf\"  target=\"\" role=\"button\" aria-pressed=\"false\" rel=\"nofollow\" class=\"ho-button is-tertiary\">\n\t\t\t\t<span class=\"ho-button-label \">Application (download)<\/span>\n\t<\/a>\n<\/div>\n<\/div>\n<\/div>\n<\/div>\n\n\n\n\n<div  class='col col-md-3 col-xs-7 col-xs-offset-5 col-md-offset-3'>\n\n<div  class='cta-image mobile-margin-bottom-7'><figure itemscope itemtype=\"http:\/\/schema.org\/ImageObject\" class=\"lazy-media-inline \" role=\"group\" aria-describedby=\"media_FXjQqQ\">\n<script type=\"application\/json\">{\n\"id\" : 6854,\n\"sizes\" : {\"medium\":{\"file\":\"8c6a2492-2dc3-41c0-8298-f55c445b725e-220x300.jpg\",\"width\":220,\"height\":300,\"mime-type\":\"image\\\/jpeg\",\"filesize\":16129},\"large\":{\"file\":\"8c6a2492-2dc3-41c0-8298-f55c445b725e-749x1024.jpg\",\"width\":749,\"height\":1024,\"mime-type\":\"image\\\/jpeg\",\"filesize\":120274},\"medium_large\":{\"file\":\"8c6a2492-2dc3-41c0-8298-f55c445b725e-768x1050.jpg\",\"width\":768,\"height\":1050,\"mime-type\":\"image\\\/jpeg\",\"filesize\":125508},\"small\":{\"file\":\"8c6a2492-2dc3-41c0-8298-f55c445b725e-322x440.jpg\",\"width\":322,\"height\":440,\"mime-type\":\"image\\\/jpeg\",\"filesize\":30284},\"semi\":{\"file\":\"8c6a2492-2dc3-41c0-8298-f55c445b725e-424x580.jpg\",\"width\":424,\"height\":580,\"mime-type\":\"image\\\/jpeg\",\"filesize\":47513},\"mobile\":{\"file\":\"8c6a2492-2dc3-41c0-8298-f55c445b725e-527x720.jpg\",\"width\":527,\"height\":720,\"mime-type\":\"image\\\/jpeg\",\"filesize\":68010},\"original\":{\"file\":\"8c6a2492-2dc3-41c0-8298-f55c445b725e.jpg\",\"width\":878,\"height\":1200}},\n\"alt\" : \"A group of people sits around a table with various treats in a cozy room. Black and white photo.\",\n\"path\" : \"\\\/wp-content\\\/uploads\\\/2025\\\/06\\\/\",\n\"video\" : null,\n\"autoplay\" : null,\n\"youtube\" : null,\n\"youtubelabel\" : \"play\",\n\"brightness\" : 100,\n\"crop\" : {\"x\":0.5,\"y\":0.38},\n\"background\" : true,\n\"scale\" : 1,\n\"zoom\" : false,\n\"annotations\" : null}<\/script>\n<div class=\"height-container  height-container-mobile\" style=\"padding-bottom:75%; --padding-bottom-mobile:75%  \">\n\t<div class=\"height-container-contents lazy-media-contents\">\n\t\n\t<div class=\"lazy-media-preview\" style=\"background-image: url('data:image\/jpeg;base64,\/9j\/4AAQSkZJRgABAQEAYABgAAD\/\/gA7Q1JFQVRPUjogZ2QtanBlZyB2MS4wICh1c2luZyBJSkcgSlBFRyB2NjIpLCBxdWFsaXR5ID0gOTAK\/9sAQwADAgIDAgIDAwMDBAMDBAUIBQUEBAUKBwcGCAwKDAwLCgsLDQ4SEA0OEQ4LCxAWEBETFBUVFQwPFxgWFBgSFBUU\/9sAQwEDBAQFBAUJBQUJFA0LDRQUFBQUFBQUFBQUFBQUFBQUFBQUFBQUFBQUFBQUFBQUFBQUFBQUFBQUFBQUFBQUFBQU\/8AAEQgAIAAYAwEiAAIRAQMRAf\/EAB8AAAEFAQEBAQEBAAAAAAAAAAABAgMEBQYHCAkKC\/\/EALUQAAIBAwMCBAMFBQQEAAABfQECAwAEEQUSITFBBhNRYQcicRQygZGhCCNCscEVUtHwJDNicoIJChYXGBkaJSYnKCkqNDU2Nzg5OkNERUZHSElKU1RVVldYWVpjZGVmZ2hpanN0dXZ3eHl6g4SFhoeIiYqSk5SVlpeYmZqio6Slpqeoqaqys7S1tre4ubrCw8TFxsfIycrS09TV1tfY2drh4uPk5ebn6Onq8fLz9PX29\/j5+v\/EAB8BAAMBAQEBAQEBAQEAAAAAAAABAgMEBQYHCAkKC\/\/EALURAAIBAgQEAwQHBQQEAAECdwABAgMRBAUhMQYSQVEHYXETIjKBCBRCkaGxwQkjM1LwFWJy0QoWJDThJfEXGBkaJicoKSo1Njc4OTpDREVGR0hJSlNUVVZXWFlaY2RlZmdoaWpzdHV2d3h5eoKDhIWGh4iJipKTlJWWl5iZmqKjpKWmp6ipqrKztLW2t7i5usLDxMXGx8jJytLT1NXW19jZ2uLj5OXm5+jp6vLz9PX29\/j5+v\/aAAwDAQACEQMRAD8A6eD9pzxZo3ijxpaS35e3stWlijaZz8ig8Cufvf269YXUBZR6kPNY4GM4z9a4vxF4Ut7D4veMItUjnu4tR1C4McKfcV+26vM7XwNbTZttQWKSdb1VhYMApjzjbkc5oA+oPAn7U\/jLWPH+g2Fxd7rW6vI4nA7gmivLvD\/gPVPDHxX8IQWMcT6TBfwM9xG+4gk\/dPvRQB9F6holunxG8Rtq9tBFZyTybbhjjAP9a+evjn4e8E6HodzeeEZmm1yJ\/Ph8li3zq2SPSuz+OGpfFC48Xa\/Y2vhS81DT\/trGKWOE5Zc8c18+eJfh78Z\/E0iofC2pW1pHkLDb2xXIPqRQBJ8N\/iz4s8UfFXwXDc6S+k6VNqkTS7QcTODyc0V6l8EfhR43fVvDH9t+Gb+1\/s69Qp5kRAVc5zRQB\/\/Z'); background-position: 50% 38%; height: 100%; width: 100%;\"><\/div>\n\n\t\t<lazy-media-inline inline-template>\n\t\t<div>\n\t\t\t<lazy-media :inline=\"true\" :alt=\"alt\" :sizes=\"sizes\" :scale=\"scale\" :zoom=\"zoom\" :brightness=\"brightness\" :path=\"path\" :video=\"video\" :autoplay=\"autoplay\" :youtube=\"youtube\" :crop=\"crop\" :youtubelabel=\"youtubelabel\" :annotations=\"annotations\" :background=\"background\" v-if=\"sizes\"><\/lazy-media>\n\t\t<\/div>\n\t<\/lazy-media-inline>\n\t\t\t<\/div>\n<\/div>\n\n\n\n\n\n\n<\/figure>\n\n\t\t<\/div>\n<\/div>\n<\/div>\n<\/div>\n<\/div>\n<\/div>\n<\/div>\n<\/div>\n<\/div>\n<\/div>\n<\/section>","protected":false},"excerpt":{"rendered":"","protected":false},"author":9,"featured_media":4329,"parent":20258,"menu_order":53,"comment_status":"closed","ping_status":"closed","template":"","meta":{"_acf_changed":false,"ho_image_focal_point":"","footnotes":""},"class_list":["post-20263","page","type-page","status-publish","has-post-thumbnail","hentry"],"acf":{"seo_titel":"","keywords":"","noindex":false,"redirect":"","short_url":""},"_links":{"self":[{"href":"https:\/\/www.bauhaus.de\/en\/wp-json\/wp\/v2\/pages\/20263","targetHints":{"allow":["GET"]}}],"collection":[{"href":"https:\/\/www.bauhaus.de\/en\/wp-json\/wp\/v2\/pages"}],"about":[{"href":"https:\/\/www.bauhaus.de\/en\/wp-json\/wp\/v2\/types\/page"}],"author":[{"embeddable":true,"href":"https:\/\/www.bauhaus.de\/en\/wp-json\/wp\/v2\/users\/9"}],"replies":[{"embeddable":true,"href":"https:\/\/www.bauhaus.de\/en\/wp-json\/wp\/v2\/comments?post=20263"}],"version-history":[{"count":15,"href":"https:\/\/www.bauhaus.de\/en\/wp-json\/wp\/v2\/pages\/20263\/revisions"}],"predecessor-version":[{"id":29457,"href":"https:\/\/www.bauhaus.de\/en\/wp-json\/wp\/v2\/pages\/20263\/revisions\/29457"}],"up":[{"embeddable":true,"href":"https:\/\/www.bauhaus.de\/en\/wp-json\/wp\/v2\/pages\/20258"}],"wp:featuredmedia":[{"embeddable":true,"href":"https:\/\/www.bauhaus.de\/en\/wp-json\/wp\/v2\/media\/4329"}],"wp:attachment":[{"href":"https:\/\/www.bauhaus.de\/en\/wp-json\/wp\/v2\/media?parent=20263"}],"curies":[{"name":"wp","href":"https:\/\/api.w.org\/{rel}","templated":true}]}}