{"id":33259,"date":"2026-09-02T11:55:45","date_gmt":"2026-09-02T09:55:45","guid":{"rendered":"https:\/\/www.bauhaus.de\/forschen\/publikationen\/bauhaus-books-no-1-die-fotografinnen\/"},"modified":"2026-09-03T14:48:01","modified_gmt":"2026-09-03T12:48:01","slug":"bauhaus-books-no-1-the-women-photographers","status":"publish","type":"publication","link":"https:\/\/www.bauhaus.de\/en\/research\/publications\/bauhaus-books-no-1-the-women-photographers\/","title":{"rendered":"Bauhaus Books No. 1 \u2013 The Women Photographers"},"content":{"rendered":"<section class='wp-block-ho-pattern show-optional-copy' data-pattern='ho\/header-publikationen'>\n\n<div  class='margin-bottom-7'>\n\n<div  class='color-bg-highlight color-fg-highlight header-space header-height-read-only padding-bottom-7'>\n\n<div  class='container-fluid cf-gutter-5 cf-side-5'>\n\n<div  class='row'>\n\n<div  class='col col-xs-12 col-md-10'>\n\n<div  class='margin-bottom-5'><div class=\"wp-block-ho-slot \"><div class=\"margin-bottom-3\">\n\t<swup-back>Back<\/swup-back>\n<\/div><\/div>\n<\/div>\n<\/div>\n<\/div>\n\n\n\n\n<div  class='row'>\n\n<div  class='col col-xs-12 col-md-10'>\n\n<div class=\"wp-block-ho-div\">\n<h1 class=ho-sd-h2>Bauhaus Books No. 1 \u2013 The Women Photographers<\/h1>\n<\/div>\n<\/div>\n<\/div>\n<\/div>\n<\/div>\n\n\n\n\n<div  class='container-fluid cf-gutter-5 cf-side-5'>\n\n<div  class='row'>\n\n<div  class='col col-xs-12 margin-top-7 col-md-4'>\n\n<div class=\"wp-block-ho-div\"><figure itemscope itemtype=\"http:\/\/schema.org\/ImageObject\" class=\"lazy-media-inline \" role=\"group\" aria-describedby=\"media_FQg2tQ\">\n<script type=\"application\/json\">{\n\"id\" : 33262,\n\"sizes\" : {\"medium\":{\"file\":\"bha26_bauhaus-books_no-1_eng-197x300.jpg\",\"width\":197,\"height\":300,\"mime-type\":\"image\\\/jpeg\",\"filesize\":9468},\"large\":{\"file\":\"bha26_bauhaus-books_no-1_eng-674x1024.jpg\",\"width\":674,\"height\":1024,\"mime-type\":\"image\\\/jpeg\",\"filesize\":64112},\"medium_large\":{\"file\":\"bha26_bauhaus-books_no-1_eng-768x1167.jpg\",\"width\":768,\"height\":1167,\"mime-type\":\"image\\\/jpeg\",\"filesize\":79307},\"1536x1536\":{\"file\":\"bha26_bauhaus-books_no-1_eng-1011x1536.jpg\",\"width\":1011,\"height\":1536,\"mime-type\":\"image\\\/jpeg\",\"filesize\":126959},\"2048x2048\":{\"file\":\"bha26_bauhaus-books_no-1_eng-1347x2048.jpg\",\"width\":1347,\"height\":2048,\"mime-type\":\"image\\\/jpeg\",\"filesize\":204577},\"small\":{\"file\":\"bha26_bauhaus-books_no-1_eng-289x440.jpg\",\"width\":289,\"height\":440,\"mime-type\":\"image\\\/jpeg\",\"filesize\":16831},\"semi\":{\"file\":\"bha26_bauhaus-books_no-1_eng-382x580.jpg\",\"width\":382,\"height\":580,\"mime-type\":\"image\\\/jpeg\",\"filesize\":25313},\"mobile\":{\"file\":\"bha26_bauhaus-books_no-1_eng-474x720.jpg\",\"width\":474,\"height\":720,\"mime-type\":\"image\\\/jpeg\",\"filesize\":35113},\"hd\":{\"file\":\"bha26_bauhaus-books_no-1_eng-842x1280.jpg\",\"width\":842,\"height\":1280,\"mime-type\":\"image\\\/jpeg\",\"filesize\":93153},\"full\":{\"file\":\"bha26_bauhaus-books_no-1_eng-1263x1920.jpg\",\"width\":1263,\"height\":1920,\"mime-type\":\"image\\\/jpeg\",\"filesize\":183760},\"original\":{\"file\":\"bha26_bauhaus-books_no-1_eng.jpg\",\"width\":1477,\"height\":2245}},\n\"alt\" : \"Profile of a woman with short hair, framed by a colorful background, featuring text: \\u201cThe Women Photographers, Bauhaus Books No. 1.\\u201d\",\n\"path\" : \"\\\/wp-content\\\/uploads\\\/2026\\\/09\\\/\",\n\"video\" : null,\n\"autoplay\" : null,\n\"youtube\" : null,\n\"youtubelabel\" : \"play\",\n\"brightness\" : 100,\n\"crop\" : null,\n\"background\" : false,\n\"scale\" : 1,\n\"zoom\" : false,\n\"annotations\" : null}<\/script>\n<div class=\"height-container \" style=\"padding-bottom:151.99729180772%;   \">\n\t<div class=\"height-container-contents lazy-media-contents\">\n\t\n\t<div class=\"lazy-media-preview\" style=\"background-image: url('data:image\/jpeg;base64,\/9j\/4AAQSkZJRgABAQEAYABgAAD\/\/gA7Q1JFQVRPUjogZ2QtanBlZyB2MS4wICh1c2luZyBJSkcgSlBFRyB2NjIpLCBxdWFsaXR5ID0gOTAK\/9sAQwADAgIDAgIDAwMDBAMDBAUIBQUEBAUKBwcGCAwKDAwLCgsLDQ4SEA0OEQ4LCxAWEBETFBUVFQwPFxgWFBgSFBUU\/9sAQwEDBAQFBAUJBQUJFA0LDRQUFBQUFBQUFBQUFBQUFBQUFBQUFBQUFBQUFBQUFBQUFBQUFBQUFBQUFBQUFBQUFBQU\/8AAEQgAJAAYAwEiAAIRAQMRAf\/EAB8AAAEFAQEBAQEBAAAAAAAAAAABAgMEBQYHCAkKC\/\/EALUQAAIBAwMCBAMFBQQEAAABfQECAwAEEQUSITFBBhNRYQcicRQygZGhCCNCscEVUtHwJDNicoIJChYXGBkaJSYnKCkqNDU2Nzg5OkNERUZHSElKU1RVVldYWVpjZGVmZ2hpanN0dXZ3eHl6g4SFhoeIiYqSk5SVlpeYmZqio6Slpqeoqaqys7S1tre4ubrCw8TFxsfIycrS09TV1tfY2drh4uPk5ebn6Onq8fLz9PX29\/j5+v\/EAB8BAAMBAQEBAQEBAQEAAAAAAAABAgMEBQYHCAkKC\/\/EALURAAIBAgQEAwQHBQQEAAECdwABAgMRBAUhMQYSQVEHYXETIjKBCBRCkaGxwQkjM1LwFWJy0QoWJDThJfEXGBkaJicoKSo1Njc4OTpDREVGR0hJSlNUVVZXWFlaY2RlZmdoaWpzdHV2d3h5eoKDhIWGh4iJipKTlJWWl5iZmqKjpKWmp6ipqrKztLW2t7i5usLDxMXGx8jJytLT1NXW19jZ2uLj5OXm5+jp6vLz9PX29\/j5+v\/aAAwDAQACEQMRAD8A+4\/D8MM2oKLhQ0QBJzXm+k\/tV\/DzX\/HGp+G9OthLNYSNFJK7YBYHBx7VN8UfjDpPwP8ACs3ibWo5ZrKI7DHCMsxPavzM0z4i2E3jPWvFulRHSre\/1BphHnLRqxzz6ivzLg3B4avlznVpqT5nuk+x115NS0Z+wdle6b4g0C8ubeyEDxYwwbIYHuKK+SPgL+0pb3vjweEo8S2uo2oZZY1OwuBnINFfN8YYejQxsI0oKK5eit1ZtQbcdQ\/4KAxSzfAO6SGJpnNzGNqqSetfmf8A2JqCQW1vFBcoWw0g2Nj+VftlrQ0u6jFrqcUM8bciOZQwP4GuYuPBGm3UzS2Ol6c0BxjEK5\/lWeQcSLKcL9XlSvq3e9v0Lnh3Vd72PmT9j6\/1zwz\/AGLpGseFkls5N32XVfLBZM\/7XUUV9daHps2nosLWsEcKn5dgA2\/QUV4+fZzHNcTGsoctlbe\/W5UKXs1a9zRu9Lt72RXmTcy9DT7WwhswREu0dcZoor5VyfLa5vd2sWKKKKzJP\/\/Z'); background-position: 50% 50%; height: 100%; width: 100%;\"><\/div>\n\n\t\n<div class=\"lazy-media loaded\">\n\t<img decoding=\"async\" src=\"https:\/\/www.bauhaus.de\/wp-content\/uploads\/2026\/09\/bha26_bauhaus-books_no-1_eng-1263x1920.jpg\" srcset=\"https:\/\/www.bauhaus.de\/wp-content\/uploads\/2026\/09\/bha26_bauhaus-books_no-1_eng-1263x1920.jpg 1263w, https:\/\/www.bauhaus.de\/wp-content\/uploads\/2026\/09\/bha26_bauhaus-books_no-1_eng-197x300.jpg 197w, https:\/\/www.bauhaus.de\/wp-content\/uploads\/2026\/09\/bha26_bauhaus-books_no-1_eng-674x1024.jpg 674w, https:\/\/www.bauhaus.de\/wp-content\/uploads\/2026\/09\/bha26_bauhaus-books_no-1_eng-768x1167.jpg 768w, https:\/\/www.bauhaus.de\/wp-content\/uploads\/2026\/09\/bha26_bauhaus-books_no-1_eng-1011x1536.jpg 1011w, https:\/\/www.bauhaus.de\/wp-content\/uploads\/2026\/09\/bha26_bauhaus-books_no-1_eng-1347x2048.jpg 1347w, https:\/\/www.bauhaus.de\/wp-content\/uploads\/2026\/09\/bha26_bauhaus-books_no-1_eng-289x440.jpg 289w, https:\/\/www.bauhaus.de\/wp-content\/uploads\/2026\/09\/bha26_bauhaus-books_no-1_eng-382x580.jpg 382w, https:\/\/www.bauhaus.de\/wp-content\/uploads\/2026\/09\/bha26_bauhaus-books_no-1_eng-474x720.jpg 474w, https:\/\/www.bauhaus.de\/wp-content\/uploads\/2026\/09\/bha26_bauhaus-books_no-1_eng-842x1280.jpg 842w, https:\/\/www.bauhaus.de\/wp-content\/uploads\/2026\/09\/bha26_bauhaus-books_no-1_eng.jpg 1477w\" sizes=\"(max-width: 763px) 100vw, (min-width: 764px) and (max-width: 1023px) 83.333333333333vw, (min-width: 1024px) 83.333333333333vw\" alt=\"Profile of a woman with short hair, framed by a colorful background, featuring text: \u201cThe Women Photographers, Bauhaus Books No. 1.\u201d\" loading=\"lazy\" \/>\n<\/div>\t\t<\/div>\n<\/div>\n\n\n\n\n\n\n<\/figure>\n\n\t\t<\/div>\n\n\n\n\n<div class=\"wp-block-ho-div\"><\/div>\n<\/div>\n\n\n\n\n<div  class='col col-xs-12 col-md-6 margin-top-7 col-md-offset-2'>\n\n<div class=\"wp-block-ho-div\">\t<p class='ho-sd-body'><strong>\u201cBauhaus Books No. 1 \u2013 The Women Photographers\u201d<\/strong><br><br>Edited by Kristin Bartels for the Bauhaus-Archiv \/ Museum f\u00fcr Gestaltung<br><br>176 pages, 107 illustrations<br>Softcover<br>Walther and Franz K\u00f6nig, 2026, available in German and English<br><br>Photography significantly influences our image of the Bauhaus to this day. Many of these iconic photos were made by outstanding women photographers whose work has remained obscured for decades despite its impact. The spectrum ranges from portrait and architectural photography to photos for advertising and reporting, all the way to abstract and experimental imagery. \u201cBauhaus Books No. 1 \u2013 The Women Photographers\u201d presents 25 of these women photographers from our collection for the first time and features numerous photos that offer insight into a fascinating chapter of rediscovered photographic history.<br><br>Featured photographers: Gertrud Arndt, Ellen Auerbach, Irene Bayer, Lotte Stam-Beese, Irena Bl\u00fchov\u00e1, Marianne Brandt, Lotte Collein, Margarete Dambeck-Keller, Charlotte Grunert, Ise Gropius, Toni von Haken-Schrammen, Florence Henri, Irene Hoffmann, Hilde Hubbuch, Grit Kallin-Fischer, Judit K\u00e1r\u00e1sz, Ivana Meller-Tomljenovi\u0107, Etel Mittag-Fodor, Lucia Moholy, Lony Neumann, Ricarda Schwerin, R\u00e9 Soupault, Grete Stern, Elsa Thiemann and Edith Tudor-Hart.<br><br>The publication is available at the <a class=\"is-external-link\" href=\"https:\/\/bauhaus-shop.de\/en\/products\/bauhaus-books-no-1-die-fotografinnen?_pos=1&amp;_sid=40b5fde9a&amp;_ss=r\" data-type=\"link\" data-id=\"https:\/\/bauhaus-shop.de\/products\/bauhaus-books-no-1-die-fotografinnen\" target=\"_blank\" rel=\"noreferrer noopener\">Bauhaus-Shop<\/a>.<\/p>\n<\/div>\n<\/div>\n<\/div>\n<\/div>\n<\/div>\n<\/section>\n\n<section class='wp-block-ho-pattern show-optional-copy' data-pattern='ho\/text-infobox'>\n\n<div  class='margin-bottom-7'>\n\n<div  class='container-fluid cf-gutter-5 cf-side-5'>\n\n<div  class='row'>\n\n<div  class='col col-xs-12 col-md-5'>\n\n<div  class='color-bg-highlight color-fg-highlight color-bg-fg-revsersed'>\n\n<div  class='margin-right-2 padding-top-2 padding-bottom-2 margin-left-2'>\n\n<div  class='container-fluid cf-rem-max-width cf-gutter-1 cf-side-1'>\n\n<div  class='row'>\n\n<div  class='col col-md-10 col-xs-10 col-md-offset-1 col-xs-offset-1'>\n\n<div  class='margin-bottom-4 text-align-center margin-top-4'>\t<p class='ho-sd-metadata'>New publication series \u201cBauhaus Books\u201d<br>First volume featuring women photographers of the Bauhaus<br><br>\u201cBauhaus Books\u201d is a new publication series by the Bauhaus-Archiv \/ Museum f\u00fcr Gestaltung, published by the Walther und Franz K\u00f6nig publishing house. The release of the first volume \u201cBauhaus Books No. 1 \u2013 The Women Photographers\u201d coincides with the exhibition \u201cNew Woman, New Vision. Women Photographers of the Bauhaus\u201d at the Museum f\u00fcr Fotografie in Berlin (until 4 October 2026).<br><br>\u201cBauhaus Books\u201d offers readers access to our Bauhaus Collection \u2013 the largest of its kind in the world \u2013 and highlights the relevance of the Bauhaus today. The series features a wide array of formats \u2013 from pocket-sized paperbacks to large-format catalogues \u2013 with an equally large range of thematic focuses: exhibition companion books, publications on exercises taught to students at the Bauhaus and articles on specific historical and contemporary research issues.<\/p>\n<\/div>\n<\/div>\n<\/div>\n<\/div>\n<\/div>\n<\/div>\n<\/div>\n<\/div>\n<\/div>\n<\/div>\n<\/section>\n\n<section class='wp-block-ho-pattern toggle-optional-headline show-optional-headline' data-pattern='ho\/medien-logos-grid-option-headline'>\n\n<div  class='margin-bottom-7'>\n\n<div  class='container-fluid'>\n\n<div  class='row'>\n\n<div  class='col ho-pattern-optional-headline col col-xs-12 col-md-6 col-md-offset-6'>\n\n<div  class='padding-bottom-2'>\n<h2 class='ho-sd-h5' style=\"white-space: normal;\">Funded by:<\/h2>\n<\/div>\n<\/div>\n<\/div>\n\n\n\n\n<div  class='row'>\n\n<div  class='col col-xs-12 col-md-6 col-md-offset-6'>\t<div class=\"wp-block-ho-lane-wrapper\" data-orientation=\"horizontal\" data-lane-item-count=\"1\">\n\t\t<div class=\"container-fluid cf-side-1 cf-gutter-5\">\n\t\t\t<ul class=\"wp-block wp-block-ho-grid row\">\n\t\t\t\t\n<li class=\"wp-block-ho-lane-item col col-xs-4 col-md-6 col-lg-4 margin-bottom-3 flex-align-center-left\">\t\t<div style=\"width: 99.913748490599%\">\n\t\t\t<figure itemscope itemtype=\"http:\/\/schema.org\/ImageObject\" class=\"lazy-media-inline \" role=\"group\" aria-describedby=\"media_cwM7ZA\">\n<script type=\"application\/json\">{\n\"id\" : 32774,\n\"sizes\" : {\"original\":{\"file\":\"KM_en_v2__Web_Graustufen.svg\",\"width\":237,\"height\":104}},\n\"alt\" : \"\",\n\"path\" : \"\\\/wp-content\\\/uploads\\\/2026\\\/08\\\/\",\n\"video\" : null,\n\"autoplay\" : null,\n\"youtube\" : null,\n\"youtubelabel\" : \"play\",\n\"brightness\" : 100,\n\"crop\" : null,\n\"background\" : false,\n\"scale\" : 1,\n\"zoom\" : false,\n\"annotations\" : null}<\/script>\n<div class=\"height-container \" style=\"padding-bottom:43.881856540084%;   \">\n\t<div class=\"height-container-contents lazy-media-contents\">\n\t\n\n\t\n<div class=\"lazy-media loaded\">\n\t<img decoding=\"async\" src=\"https:\/\/www.bauhaus.de\/wp-content\/uploads\/2026\/08\/BKM_en_v2__Web_Graustufen.svg\" srcset=\"\" sizes=\"(max-width: 763px) 33.333333333333vw, (min-width: 764px) and (max-width: 1023px) 50vw, (min-width: 1024px) 33.333333333333vw\" alt=\"\" loading=\"lazy\" \/>\n<\/div>\t\t<\/div>\n<\/div>\n\n\n\n\n\n\n<\/figure>\n\n\t\t\t\t<\/div>\n\t\t<\/li>\n\n\t\t\t<\/ul>\n\t\t<\/div>\n\t<\/div>\n\t<\/div>\n<\/div>\n<\/div>\n<\/div>\n<\/section>","protected":false},"excerpt":{"rendered":"","protected":false},"author":21,"featured_media":33262,"parent":0,"template":"","meta":{"_acf_changed":false,"ho_image_focal_point":"","footnotes":""},"class_list":["post-33259","publication","type-publication","status-publish","has-post-thumbnail","hentry"],"acf":{"seo_titel":"","keywords":"","noindex":false,"redirect":"","short_url":""},"_links":{"self":[{"href":"https:\/\/www.bauhaus.de\/en\/wp-json\/wp\/v2\/publication\/33259","targetHints":{"allow":["GET"]}}],"collection":[{"href":"https:\/\/www.bauhaus.de\/en\/wp-json\/wp\/v2\/publication"}],"about":[{"href":"https:\/\/www.bauhaus.de\/en\/wp-json\/wp\/v2\/types\/publication"}],"author":[{"embeddable":true,"href":"https:\/\/www.bauhaus.de\/en\/wp-json\/wp\/v2\/users\/21"}],"version-history":[{"count":6,"href":"https:\/\/www.bauhaus.de\/en\/wp-json\/wp\/v2\/publication\/33259\/revisions"}],"predecessor-version":[{"id":33281,"href":"https:\/\/www.bauhaus.de\/en\/wp-json\/wp\/v2\/publication\/33259\/revisions\/33281"}],"wp:featuredmedia":[{"embeddable":true,"href":"https:\/\/www.bauhaus.de\/en\/wp-json\/wp\/v2\/media\/33262"}],"wp:attachment":[{"href":"https:\/\/www.bauhaus.de\/en\/wp-json\/wp\/v2\/media?parent=33259"}],"curies":[{"name":"wp","href":"https:\/\/api.w.org\/{rel}","templated":true}]}}